{"id":711,"date":"2024-06-08T17:58:04","date_gmt":"2024-06-08T17:58:04","guid":{"rendered":"http:\/\/15.156.49.124\/?page_id=711"},"modified":"2025-08-15T05:15:01","modified_gmt":"2025-08-15T09:15:01","slug":"faq","status":"publish","type":"page","link":"https:\/\/leradon.com\/?page_id=711","title":{"rendered":"FAQ"},"content":{"rendered":"\t\t<div data-elementor-type=\"wp-page\" data-elementor-id=\"711\" class=\"elementor elementor-711\" data-elementor-post-type=\"page\">\n\t\t\t\t<div class=\"elementor-element elementor-element-a8d96a0 e-con-full e-flex e-con e-parent\" data-id=\"a8d96a0\" data-element_type=\"container\" data-e-type=\"container\" data-settings=\"{&quot;background_background&quot;:&quot;classic&quot;}\">\n\t\t<div class=\"elementor-element elementor-element-7eca3bd e-con-full e-flex e-con e-child\" data-id=\"7eca3bd\" data-element_type=\"container\" data-e-type=\"container\">\n\t\t\t\t<div class=\"elementor-element elementor-element-0314e9a elementor-absolute elementor-widget elementor-widget-heading\" data-id=\"0314e9a\" data-element_type=\"widget\" data-e-type=\"widget\" data-settings=\"{&quot;_position&quot;:&quot;absolute&quot;}\" data-widget_type=\"heading.default\">\n\t\t\t\t<div class=\"elementor-widget-container\">\n\t\t\t\t\t<div class=\"elementor-heading-title elementor-size-default\">FAQ<\/div>\t\t\t\t<\/div>\n\t\t\t\t<\/div>\n\t\t\t\t<div class=\"elementor-element elementor-element-4ad14a6 elementor-widget__width-initial elementor-widget elementor-widget-heading\" data-id=\"4ad14a6\" data-element_type=\"widget\" data-e-type=\"widget\" data-widget_type=\"heading.default\">\n\t\t\t\t<div class=\"elementor-widget-container\">\n\t\t\t\t\t<h1 class=\"elementor-heading-title elementor-size-default\">Questions \/ R\u00e9ponses<\/h1>\t\t\t\t<\/div>\n\t\t\t\t<\/div>\n\t\t\t\t<\/div>\n\t\t\t\t<\/div>\n\t\t<div class=\"elementor-element elementor-element-6ea76d9 e-con-full e-flex e-con e-parent\" data-id=\"6ea76d9\" data-element_type=\"container\" data-e-type=\"container\">\n\t\t\t\t<div class=\"elementor-element elementor-element-176b536 elementor-widget__width-initial elementor-widget elementor-widget-accordion\" data-id=\"176b536\" data-element_type=\"widget\" data-e-type=\"widget\" data-widget_type=\"accordion.default\">\n\t\t\t\t<div class=\"elementor-widget-container\">\n\t\t\t\t\t\t\t<div class=\"elementor-accordion\">\n\t\t\t\t\t\t\t<div class=\"elementor-accordion-item\">\n\t\t\t\t\t<div id=\"elementor-tab-title-2451\" class=\"elementor-tab-title\" data-tab=\"1\" role=\"button\" aria-controls=\"elementor-tab-content-2451\" aria-expanded=\"false\">\n\t\t\t\t\t\t\t\t\t\t\t\t\t<span class=\"elementor-accordion-icon elementor-accordion-icon-right\" aria-hidden=\"true\">\n\t\t\t\t\t\t\t\t\t\t\t\t\t\t\t<span class=\"elementor-accordion-icon-closed\"><i class=\"fas fa-plus\"><\/i><\/span>\n\t\t\t\t\t\t\t\t<span class=\"elementor-accordion-icon-opened\"><i class=\"fas fa-minus\"><\/i><\/span>\n\t\t\t\t\t\t\t\t\t\t\t\t\t\t<\/span>\n\t\t\t\t\t\t\t\t\t\t\t\t<a class=\"elementor-accordion-title\" tabindex=\"0\">Qu\u2019est-ce que le Radon ?<\/a>\n\t\t\t\t\t<\/div>\n\t\t\t\t\t<div id=\"elementor-tab-content-2451\" class=\"elementor-tab-content elementor-clearfix\" data-tab=\"1\" role=\"region\" aria-labelledby=\"elementor-tab-title-2451\"><p>Le radon est un gaz radioactif invisible et inodore. Il est pr\u00e9sent partout dans l\u2019air que l\u2019on respire en concentration vari\u00e9e. Il provient des sols. Les concentrations varient en fonction des secteurs et des caract\u00e9ristiques du sol.<\/p><p><iframe src=\"https:\/\/www.youtube.com\/embed\/Ppzc4hWfBTI\" width=\"640\" height=\"360\" frameborder=\"0\" allowfullscreen=\"allowfullscreen\" data-mce-fragment=\"1\"><\/iframe><\/p><\/div>\n\t\t\t\t<\/div>\n\t\t\t\t\t\t\t<div class=\"elementor-accordion-item\">\n\t\t\t\t\t<div id=\"elementor-tab-title-2452\" class=\"elementor-tab-title\" data-tab=\"2\" role=\"button\" aria-controls=\"elementor-tab-content-2452\" aria-expanded=\"false\">\n\t\t\t\t\t\t\t\t\t\t\t\t\t<span class=\"elementor-accordion-icon elementor-accordion-icon-right\" aria-hidden=\"true\">\n\t\t\t\t\t\t\t\t\t\t\t\t\t\t\t<span class=\"elementor-accordion-icon-closed\"><i class=\"fas fa-plus\"><\/i><\/span>\n\t\t\t\t\t\t\t\t<span class=\"elementor-accordion-icon-opened\"><i class=\"fas fa-minus\"><\/i><\/span>\n\t\t\t\t\t\t\t\t\t\t\t\t\t\t<\/span>\n\t\t\t\t\t\t\t\t\t\t\t\t<a class=\"elementor-accordion-title\" tabindex=\"0\">Y a-t-il une p\u00e9riode de l\u2019ann\u00e9e o\u00f9 il est plus propice de mesurer le radon ?<\/a>\n\t\t\t\t\t<\/div>\n\t\t\t\t\t<div id=\"elementor-tab-content-2452\" class=\"elementor-tab-content elementor-clearfix\" data-tab=\"2\" role=\"region\" aria-labelledby=\"elementor-tab-title-2452\"><p>Oui, id\u00e9alement les meilleures p\u00e9riodes pour mesurer le radon s\u2019\u00e9chelonnent d\u2019octobre \u00e0 avril. Il est \u00e0 noter qu&rsquo;une mesure \u00e0 long terme doit s\u2019\u00e9chelonner sur une p\u00e9riode d\u2019au moins 3 mois.<\/p><\/div>\n\t\t\t\t<\/div>\n\t\t\t\t\t\t\t<div class=\"elementor-accordion-item\">\n\t\t\t\t\t<div id=\"elementor-tab-title-2453\" class=\"elementor-tab-title\" data-tab=\"3\" role=\"button\" aria-controls=\"elementor-tab-content-2453\" aria-expanded=\"false\">\n\t\t\t\t\t\t\t\t\t\t\t\t\t<span class=\"elementor-accordion-icon elementor-accordion-icon-right\" aria-hidden=\"true\">\n\t\t\t\t\t\t\t\t\t\t\t\t\t\t\t<span class=\"elementor-accordion-icon-closed\"><i class=\"fas fa-plus\"><\/i><\/span>\n\t\t\t\t\t\t\t\t<span class=\"elementor-accordion-icon-opened\"><i class=\"fas fa-minus\"><\/i><\/span>\n\t\t\t\t\t\t\t\t\t\t\t\t\t\t<\/span>\n\t\t\t\t\t\t\t\t\t\t\t\t<a class=\"elementor-accordion-title\" tabindex=\"0\">Quels sont les risques pour la sant\u00e9 li\u00e9s aux radons ?<\/a>\n\t\t\t\t\t<\/div>\n\t\t\t\t\t<div id=\"elementor-tab-content-2453\" class=\"elementor-tab-content elementor-clearfix\" data-tab=\"3\" role=\"region\" aria-labelledby=\"elementor-tab-title-2453\"><p>La radiation due \u00e0 la d\u00e9composition du radon impacte principalement nos cellules pulmonaires. La radiation \u00e9met des particules d\u2019\u00e9nergie qui percute les cellules de nos poumons. Ces impactes peuvent modifier l\u2019ADN de nos cellules. Les cellules de notre corps se r\u00e9g\u00e9n\u00e8rent continuellement et le danger r\u00e9side dans le fait que notre corps peut prendre comme copie une cellule ayant un code ADN modifi\u00e9. C\u2019est la base m\u00eame du d\u00e9veloppement du cancer.<\/p><div id=\"mciapp-exclusion-container\"><iframe src=\"https:\/\/www.youtube.com\/embed\/MwV-W4WP7EY\" width=\"640\" height=\"360\" frameborder=\"0\" allowfullscreen=\"allowfullscreen\" data-mce-fragment=\"1\"><\/iframe><\/div><\/div>\n\t\t\t\t<\/div>\n\t\t\t\t\t\t\t<div class=\"elementor-accordion-item\">\n\t\t\t\t\t<div id=\"elementor-tab-title-2454\" class=\"elementor-tab-title\" data-tab=\"4\" role=\"button\" aria-controls=\"elementor-tab-content-2454\" aria-expanded=\"false\">\n\t\t\t\t\t\t\t\t\t\t\t\t\t<span class=\"elementor-accordion-icon elementor-accordion-icon-right\" aria-hidden=\"true\">\n\t\t\t\t\t\t\t\t\t\t\t\t\t\t\t<span class=\"elementor-accordion-icon-closed\"><i class=\"fas fa-plus\"><\/i><\/span>\n\t\t\t\t\t\t\t\t<span class=\"elementor-accordion-icon-opened\"><i class=\"fas fa-minus\"><\/i><\/span>\n\t\t\t\t\t\t\t\t\t\t\t\t\t\t<\/span>\n\t\t\t\t\t\t\t\t\t\t\t\t<a class=\"elementor-accordion-title\" tabindex=\"0\">Quels sont les risques de d\u00e9velopper un cancer du poumon li\u00e9s au radon ?<\/a>\n\t\t\t\t\t<\/div>\n\t\t\t\t\t<div id=\"elementor-tab-content-2454\" class=\"elementor-tab-content elementor-clearfix\" data-tab=\"4\" role=\"region\" aria-labelledby=\"elementor-tab-title-2454\"><p>Le danger s\u2019amplifie \u00e0 mesure que le niveau de concentration augmente. Selon les derni\u00e8res statistiques r\u00e9alis\u00e9es par Sant\u00e9 Canada, 16%<sup>1.<\/sup>\u00a0des cancers du Poumon sont attribuables \u00e0 une exposition au radon trop \u00e9lev\u00e9. Le cancer du poumon est tr\u00e8s meurtrier, le taux de survie apr\u00e8s 5 ans \u00e0 ce cancer est d\u2019environ 15% 1. \u2026<br \/><em>1. (Statistiques canadiennes sur le cancer, 2008)<\/em><\/p><\/div>\n\t\t\t\t<\/div>\n\t\t\t\t\t\t\t<div class=\"elementor-accordion-item\">\n\t\t\t\t\t<div id=\"elementor-tab-title-2455\" class=\"elementor-tab-title\" data-tab=\"5\" role=\"button\" aria-controls=\"elementor-tab-content-2455\" aria-expanded=\"false\">\n\t\t\t\t\t\t\t\t\t\t\t\t\t<span class=\"elementor-accordion-icon elementor-accordion-icon-right\" aria-hidden=\"true\">\n\t\t\t\t\t\t\t\t\t\t\t\t\t\t\t<span class=\"elementor-accordion-icon-closed\"><i class=\"fas fa-plus\"><\/i><\/span>\n\t\t\t\t\t\t\t\t<span class=\"elementor-accordion-icon-opened\"><i class=\"fas fa-minus\"><\/i><\/span>\n\t\t\t\t\t\t\t\t\t\t\t\t\t\t<\/span>\n\t\t\t\t\t\t\t\t\t\t\t\t<a class=\"elementor-accordion-title\" tabindex=\"0\">Comment savoir si le taux de radon est trop \u00e9lev\u00e9 dans ma r\u00e9sidence ?<\/a>\n\t\t\t\t\t<\/div>\n\t\t\t\t\t<div id=\"elementor-tab-content-2455\" class=\"elementor-tab-content elementor-clearfix\" data-tab=\"5\" role=\"region\" aria-labelledby=\"elementor-tab-title-2455\"><p>Il n\u2019y a qu\u2019une seule fa\u00e7on de le savoir, il faut faire un test. Il existe des tests \u00e0 court terme et long terme. Certains tests courts terme sont reconnus par Sant\u00e9 Canada, s\u2019ils sont effectu\u00e9s par des professionnels. Cependant, les tests \u00e0 long terme sont privil\u00e9gi\u00e9s par Sant\u00e9 Canada et les associations de certification afin de mesurer pr\u00e9cis\u00e9ment le taux de radon r\u00e9el dans votre maison. Nous offrons les services de tests cl\u00e9s en main. Vous pouvez aussi proc\u00e9der au test vous-m\u00eame en achetant un test dans notre Boutique en ligne.<\/p><p><iframe src=\"https:\/\/www.youtube.com\/embed\/dqYp-mIAAKE\" width=\"640\" height=\"360\" frameborder=\"0\" allowfullscreen=\"allowfullscreen\" data-mce-fragment=\"1\"><\/iframe><\/p><\/div>\n\t\t\t\t<\/div>\n\t\t\t\t\t\t\t<div class=\"elementor-accordion-item\">\n\t\t\t\t\t<div id=\"elementor-tab-title-2456\" class=\"elementor-tab-title\" data-tab=\"6\" role=\"button\" aria-controls=\"elementor-tab-content-2456\" aria-expanded=\"false\">\n\t\t\t\t\t\t\t\t\t\t\t\t\t<span class=\"elementor-accordion-icon elementor-accordion-icon-right\" aria-hidden=\"true\">\n\t\t\t\t\t\t\t\t\t\t\t\t\t\t\t<span class=\"elementor-accordion-icon-closed\"><i class=\"fas fa-plus\"><\/i><\/span>\n\t\t\t\t\t\t\t\t<span class=\"elementor-accordion-icon-opened\"><i class=\"fas fa-minus\"><\/i><\/span>\n\t\t\t\t\t\t\t\t\t\t\t\t\t\t<\/span>\n\t\t\t\t\t\t\t\t\t\t\t\t<a class=\"elementor-accordion-title\" tabindex=\"0\">O\u00f9 dans ma maison dois-je effectuer le test ?<\/a>\n\t\t\t\t\t<\/div>\n\t\t\t\t\t<div id=\"elementor-tab-content-2456\" class=\"elementor-tab-content elementor-clearfix\" data-tab=\"6\" role=\"region\" aria-labelledby=\"elementor-tab-title-2456\"><p>Pour fournir une estimation r\u00e9aliste de votre exposition au radon, les mesures doivent \u00eatre effectu\u00e9es au niveau habit\u00e9 le plus bas de la maison. Cela signifie le niveau le plus bas qui est utilis\u00e9 ou occup\u00e9 pendant une p\u00e9riode de plus de quatre heures par jour. Pour certains, cela peut \u00eatre un sous-sol avec une chambre, pour d&rsquo;autres ce sera le rez-de-chauss\u00e9e. Par exemple, si vous utilisez votre sous-sol qu&rsquo;une fois par semaine pour faire la lessive, il n&rsquo;est pas n\u00e9cessaire de tester \u00e0 ce niveau. Votre temps d&rsquo;exposition ne sera probablement pas assez long pour cr\u00e9er des effets n\u00e9gatifs consid\u00e9rable sur votre sant\u00e9.<\/p><\/div>\n\t\t\t\t<\/div>\n\t\t\t\t\t\t\t<div class=\"elementor-accordion-item\">\n\t\t\t\t\t<div id=\"elementor-tab-title-2457\" class=\"elementor-tab-title\" data-tab=\"7\" role=\"button\" aria-controls=\"elementor-tab-content-2457\" aria-expanded=\"false\">\n\t\t\t\t\t\t\t\t\t\t\t\t\t<span class=\"elementor-accordion-icon elementor-accordion-icon-right\" aria-hidden=\"true\">\n\t\t\t\t\t\t\t\t\t\t\t\t\t\t\t<span class=\"elementor-accordion-icon-closed\"><i class=\"fas fa-plus\"><\/i><\/span>\n\t\t\t\t\t\t\t\t<span class=\"elementor-accordion-icon-opened\"><i class=\"fas fa-minus\"><\/i><\/span>\n\t\t\t\t\t\t\t\t\t\t\t\t\t\t<\/span>\n\t\t\t\t\t\t\t\t\t\t\t\t<a class=\"elementor-accordion-title\" tabindex=\"0\">Quel est le taux de radon acceptable dans ma maison ?<\/a>\n\t\t\t\t\t<\/div>\n\t\t\t\t\t<div id=\"elementor-tab-content-2457\" class=\"elementor-tab-content elementor-clearfix\" data-tab=\"7\" role=\"region\" aria-labelledby=\"elementor-tab-title-2457\"><p>Selon Sant\u00e9 Canada, le seuil d\u2019intervention recommander est de 200 Bq\/m3 et plus. Il est important de comprendre que plus la concentration en radon est faible dans une maison, plus le risque de cancer pulmonaire diminue. Il n\u2019existe pas de seuil connu au-dessous duquel l\u2019exposition \u00e0 ce gaz serait sans danger. L\u2019Organisation mondiale de la Sant\u00e9 recommande de ne pas d\u00e9passer une exposition annuelle moyenne de plus de 100 Bq\/m3.<\/p><p><iframe src=\"https:\/\/www.youtube.com\/embed\/0UOPPDsGFF4\" width=\"640\" height=\"360\" frameborder=\"0\" allowfullscreen=\"allowfullscreen\" data-mce-fragment=\"1\"><\/iframe><\/p><\/div>\n\t\t\t\t<\/div>\n\t\t\t\t\t\t\t<div class=\"elementor-accordion-item\">\n\t\t\t\t\t<div id=\"elementor-tab-title-2458\" class=\"elementor-tab-title\" data-tab=\"8\" role=\"button\" aria-controls=\"elementor-tab-content-2458\" aria-expanded=\"false\">\n\t\t\t\t\t\t\t\t\t\t\t\t\t<span class=\"elementor-accordion-icon elementor-accordion-icon-right\" aria-hidden=\"true\">\n\t\t\t\t\t\t\t\t\t\t\t\t\t\t\t<span class=\"elementor-accordion-icon-closed\"><i class=\"fas fa-plus\"><\/i><\/span>\n\t\t\t\t\t\t\t\t<span class=\"elementor-accordion-icon-opened\"><i class=\"fas fa-minus\"><\/i><\/span>\n\t\t\t\t\t\t\t\t\t\t\t\t\t\t<\/span>\n\t\t\t\t\t\t\t\t\t\t\t\t<a class=\"elementor-accordion-title\" tabindex=\"0\">Quoi faire si le niveau de radon d\u00e9passe la norme dite acceptable par Sant\u00e9 Canada (200Bq\/m3) ?<\/a>\n\t\t\t\t\t<\/div>\n\t\t\t\t\t<div id=\"elementor-tab-content-2458\" class=\"elementor-tab-content elementor-clearfix\" data-tab=\"8\" role=\"region\" aria-labelledby=\"elementor-tab-title-2458\"><p>Nous pouvons appliquer des mesures correctives pour ramener le radon \u00e0 des niveaux acceptables. La solution la plus courante et efficace consiste \u00e0 installer un syst\u00e8me de d\u00e9pressurisation sous dalle. Cette m\u00e9thode consiste \u00e0 capter le gaz sous la dalle du sous-sol avant qu\u2019elle ne p\u00e9n\u00e8tre dans votre maison et \u00e0 l\u2019\u00e9vacuer \u00e0 l\u2019ext\u00e9rieur.<\/p><div id=\"mciapp-exclusion-container\"><iframe src=\"https:\/\/www.youtube.com\/embed\/BVKyA_ukbJU\" width=\"640\" height=\"360\" frameborder=\"0\" allowfullscreen=\"allowfullscreen\" data-mce-fragment=\"1\"><\/iframe><\/div><\/div>\n\t\t\t\t<\/div>\n\t\t\t\t\t\t\t<div class=\"elementor-accordion-item\">\n\t\t\t\t\t<div id=\"elementor-tab-title-2459\" class=\"elementor-tab-title\" data-tab=\"9\" role=\"button\" aria-controls=\"elementor-tab-content-2459\" aria-expanded=\"false\">\n\t\t\t\t\t\t\t\t\t\t\t\t\t<span class=\"elementor-accordion-icon elementor-accordion-icon-right\" aria-hidden=\"true\">\n\t\t\t\t\t\t\t\t\t\t\t\t\t\t\t<span class=\"elementor-accordion-icon-closed\"><i class=\"fas fa-plus\"><\/i><\/span>\n\t\t\t\t\t\t\t\t<span class=\"elementor-accordion-icon-opened\"><i class=\"fas fa-minus\"><\/i><\/span>\n\t\t\t\t\t\t\t\t\t\t\t\t\t\t<\/span>\n\t\t\t\t\t\t\t\t\t\t\t\t<a class=\"elementor-accordion-title\" tabindex=\"0\">Combien co\u00fbte l'installation d'un syst\u00e8me d'att\u00e9nuation du radon ?<\/a>\n\t\t\t\t\t<\/div>\n\t\t\t\t\t<div id=\"elementor-tab-content-2459\" class=\"elementor-tab-content elementor-clearfix\" data-tab=\"9\" role=\"region\" aria-labelledby=\"elementor-tab-title-2459\"><p>Le co\u00fbt d&rsquo;une installation de base est d&rsquo;environ 3500$. Veuillez nous contacter pour avoir une soumission d\u00e9taill\u00e9e.<\/p><\/div>\n\t\t\t\t<\/div>\n\t\t\t\t\t\t\t\t\t\t<script type=\"application\/ld+json\">{\"@context\":\"https:\\\/\\\/schema.org\",\"@type\":\"FAQPage\",\"mainEntity\":[{\"@type\":\"Question\",\"name\":\"Qu\\u2019est-ce que le Radon ?\",\"acceptedAnswer\":{\"@type\":\"Answer\",\"text\":\"<p>Le radon est un gaz radioactif invisible et inodore. Il est pr\\u00e9sent partout dans l\\u2019air que l\\u2019on respire en concentration vari\\u00e9e. Il provient des sols. Les concentrations varient en fonction des secteurs et des caract\\u00e9ristiques du sol.<\\\/p><p><iframe src=\\\"https:\\\/\\\/www.youtube.com\\\/embed\\\/Ppzc4hWfBTI\\\" width=\\\"640\\\" height=\\\"360\\\" frameborder=\\\"0\\\" allowfullscreen=\\\"allowfullscreen\\\" data-mce-fragment=\\\"1\\\"><\\\/iframe><\\\/p>\"}},{\"@type\":\"Question\",\"name\":\"Y a-t-il une p\\u00e9riode de l\\u2019ann\\u00e9e o\\u00f9 il est plus propice de mesurer le radon ?\",\"acceptedAnswer\":{\"@type\":\"Answer\",\"text\":\"<p>Oui, id\\u00e9alement les meilleures p\\u00e9riodes pour mesurer le radon s\\u2019\\u00e9chelonnent d\\u2019octobre \\u00e0 avril. Il est \\u00e0 noter qu&rsquo;une mesure \\u00e0 long terme doit s\\u2019\\u00e9chelonner sur une p\\u00e9riode d\\u2019au moins 3 mois.<\\\/p>\"}},{\"@type\":\"Question\",\"name\":\"Quels sont les risques pour la sant\\u00e9 li\\u00e9s aux radons ?\",\"acceptedAnswer\":{\"@type\":\"Answer\",\"text\":\"<p>La radiation due \\u00e0 la d\\u00e9composition du radon impacte principalement nos cellules pulmonaires. La radiation \\u00e9met des particules d\\u2019\\u00e9nergie qui percute les cellules de nos poumons. Ces impactes peuvent modifier l\\u2019ADN de nos cellules. Les cellules de notre corps se r\\u00e9g\\u00e9n\\u00e8rent continuellement et le danger r\\u00e9side dans le fait que notre corps peut prendre comme copie une cellule ayant un code ADN modifi\\u00e9. C\\u2019est la base m\\u00eame du d\\u00e9veloppement du cancer.<\\\/p><div id=\\\"mciapp-exclusion-container\\\"><iframe src=\\\"https:\\\/\\\/www.youtube.com\\\/embed\\\/MwV-W4WP7EY\\\" width=\\\"640\\\" height=\\\"360\\\" frameborder=\\\"0\\\" allowfullscreen=\\\"allowfullscreen\\\" data-mce-fragment=\\\"1\\\"><\\\/iframe><\\\/div>\"}},{\"@type\":\"Question\",\"name\":\"Quels sont les risques de d\\u00e9velopper un cancer du poumon li\\u00e9s au radon ?\",\"acceptedAnswer\":{\"@type\":\"Answer\",\"text\":\"<p>Le danger s\\u2019amplifie \\u00e0 mesure que le niveau de concentration augmente. Selon les derni\\u00e8res statistiques r\\u00e9alis\\u00e9es par Sant\\u00e9 Canada, 16%<sup>1.<\\\/sup>\\u00a0des cancers du Poumon sont attribuables \\u00e0 une exposition au radon trop \\u00e9lev\\u00e9. Le cancer du poumon est tr\\u00e8s meurtrier, le taux de survie apr\\u00e8s 5 ans \\u00e0 ce cancer est d\\u2019environ 15% 1. \\u2026<br \\\/><em>1. (Statistiques canadiennes sur le cancer, 2008)<\\\/em><\\\/p>\"}},{\"@type\":\"Question\",\"name\":\"Comment savoir si le taux de radon est trop \\u00e9lev\\u00e9 dans ma r\\u00e9sidence ?\",\"acceptedAnswer\":{\"@type\":\"Answer\",\"text\":\"<p>Il n\\u2019y a qu\\u2019une seule fa\\u00e7on de le savoir, il faut faire un test. Il existe des tests \\u00e0 court terme et long terme. Certains tests courts terme sont reconnus par Sant\\u00e9 Canada, s\\u2019ils sont effectu\\u00e9s par des professionnels. Cependant, les tests \\u00e0 long terme sont privil\\u00e9gi\\u00e9s par Sant\\u00e9 Canada et les associations de certification afin de mesurer pr\\u00e9cis\\u00e9ment le taux de radon r\\u00e9el dans votre maison. Nous offrons les services de tests cl\\u00e9s en main. Vous pouvez aussi proc\\u00e9der au test vous-m\\u00eame en achetant un test dans notre Boutique en ligne.<\\\/p><p><iframe src=\\\"https:\\\/\\\/www.youtube.com\\\/embed\\\/dqYp-mIAAKE\\\" width=\\\"640\\\" height=\\\"360\\\" frameborder=\\\"0\\\" allowfullscreen=\\\"allowfullscreen\\\" data-mce-fragment=\\\"1\\\"><\\\/iframe><\\\/p>\"}},{\"@type\":\"Question\",\"name\":\"O\\u00f9 dans ma maison dois-je effectuer le test ?\",\"acceptedAnswer\":{\"@type\":\"Answer\",\"text\":\"<p>Pour fournir une estimation r\\u00e9aliste de votre exposition au radon, les mesures doivent \\u00eatre effectu\\u00e9es au niveau habit\\u00e9 le plus bas de la maison. Cela signifie le niveau le plus bas qui est utilis\\u00e9 ou occup\\u00e9 pendant une p\\u00e9riode de plus de quatre heures par jour. Pour certains, cela peut \\u00eatre un sous-sol avec une chambre, pour d&rsquo;autres ce sera le rez-de-chauss\\u00e9e. Par exemple, si vous utilisez votre sous-sol qu&rsquo;une fois par semaine pour faire la lessive, il n&rsquo;est pas n\\u00e9cessaire de tester \\u00e0 ce niveau. Votre temps d&rsquo;exposition ne sera probablement pas assez long pour cr\\u00e9er des effets n\\u00e9gatifs consid\\u00e9rable sur votre sant\\u00e9.<\\\/p>\"}},{\"@type\":\"Question\",\"name\":\"Quel est le taux de radon acceptable dans ma maison ?\",\"acceptedAnswer\":{\"@type\":\"Answer\",\"text\":\"<p>Selon Sant\\u00e9 Canada, le seuil d\\u2019intervention recommander est de 200 Bq\\\/m3 et plus. Il est important de comprendre que plus la concentration en radon est faible dans une maison, plus le risque de cancer pulmonaire diminue. Il n\\u2019existe pas de seuil connu au-dessous duquel l\\u2019exposition \\u00e0 ce gaz serait sans danger. L\\u2019Organisation mondiale de la Sant\\u00e9 recommande de ne pas d\\u00e9passer une exposition annuelle moyenne de plus de 100 Bq\\\/m3.<\\\/p><p><iframe src=\\\"https:\\\/\\\/www.youtube.com\\\/embed\\\/0UOPPDsGFF4\\\" width=\\\"640\\\" height=\\\"360\\\" frameborder=\\\"0\\\" allowfullscreen=\\\"allowfullscreen\\\" data-mce-fragment=\\\"1\\\"><\\\/iframe><\\\/p>\"}},{\"@type\":\"Question\",\"name\":\"Quoi faire si le niveau de radon d\\u00e9passe la norme dite acceptable par Sant\\u00e9 Canada (200Bq\\\/m3) ?\",\"acceptedAnswer\":{\"@type\":\"Answer\",\"text\":\"<p>Nous pouvons appliquer des mesures correctives pour ramener le radon \\u00e0 des niveaux acceptables. La solution la plus courante et efficace consiste \\u00e0 installer un syst\\u00e8me de d\\u00e9pressurisation sous dalle. Cette m\\u00e9thode consiste \\u00e0 capter le gaz sous la dalle du sous-sol avant qu\\u2019elle ne p\\u00e9n\\u00e8tre dans votre maison et \\u00e0 l\\u2019\\u00e9vacuer \\u00e0 l\\u2019ext\\u00e9rieur.<\\\/p><div id=\\\"mciapp-exclusion-container\\\"><iframe src=\\\"https:\\\/\\\/www.youtube.com\\\/embed\\\/BVKyA_ukbJU\\\" width=\\\"640\\\" height=\\\"360\\\" frameborder=\\\"0\\\" allowfullscreen=\\\"allowfullscreen\\\" data-mce-fragment=\\\"1\\\"><\\\/iframe><\\\/div>\"}},{\"@type\":\"Question\",\"name\":\"Combien co\\u00fbte l'installation d'un syst\\u00e8me d'att\\u00e9nuation du radon ?\",\"acceptedAnswer\":{\"@type\":\"Answer\",\"text\":\"<p>Le co\\u00fbt d&rsquo;une installation de base est d&rsquo;environ 3500$. Veuillez nous contacter pour avoir une soumission d\\u00e9taill\\u00e9e.<\\\/p>\"}}]}<\/script>\n\t\t\t\t\t<\/div>\n\t\t\t\t\t\t<\/div>\n\t\t\t\t<\/div>\n\t\t\t\t<\/div>\n\t\t<div class=\"elementor-element elementor-element-d816a07 e-con-full e-flex e-con e-parent\" data-id=\"d816a07\" data-element_type=\"container\" data-e-type=\"container\" data-settings=\"{&quot;background_background&quot;:&quot;classic&quot;}\">\n\t\t<div class=\"elementor-element elementor-element-2b7d3d3 e-con-full e-flex e-con e-child\" data-id=\"2b7d3d3\" data-element_type=\"container\" data-e-type=\"container\">\n\t\t\t\t<div class=\"elementor-element elementor-element-3cdd5f9 elementor-widget elementor-widget-heading\" data-id=\"3cdd5f9\" data-element_type=\"widget\" data-e-type=\"widget\" data-widget_type=\"heading.default\">\n\t\t\t\t<div class=\"elementor-widget-container\">\n\t\t\t\t\t<p class=\"elementor-heading-title elementor-size-default\">Qu\u00e9bec | Chaudi\u00e8re Appalaches | Bois Franc | Saguenay-Lac-St-Jean | Drummondville | Trois-Rivi\u00e8res<\/p>\t\t\t\t<\/div>\n\t\t\t\t<\/div>\n\t\t\t\t<div class=\"elementor-element elementor-element-68aeecf elementor-widget elementor-widget-heading\" data-id=\"68aeecf\" data-element_type=\"widget\" data-e-type=\"widget\" data-widget_type=\"heading.default\">\n\t\t\t\t<div class=\"elementor-widget-container\">\n\t\t\t\t\t<p class=\"elementor-heading-title elementor-size-default\">Demandez une soumission en ligne gratuite,\nd\u00e8s maintenant !<\/p>\t\t\t\t<\/div>\n\t\t\t\t<\/div>\n\t\t\t\t<div class=\"elementor-element elementor-element-1d47aa9 elementor-widget elementor-widget-button\" data-id=\"1d47aa9\" data-element_type=\"widget\" data-e-type=\"widget\" data-widget_type=\"button.default\">\n\t\t\t\t<div class=\"elementor-widget-container\">\n\t\t\t\t\t\t\t\t\t<div class=\"elementor-button-wrapper\">\n\t\t\t\t\t<a class=\"elementor-button elementor-button-link elementor-size-sm\" href=\"\/soumission-en-ligne-gratuite\/\">\n\t\t\t\t\t\t<span class=\"elementor-button-content-wrapper\">\n\t\t\t\t\t\t\t\t\t<span class=\"elementor-button-text\">Soumission gratuite<\/span>\n\t\t\t\t\t<\/span>\n\t\t\t\t\t<\/a>\n\t\t\t\t<\/div>\n\t\t\t\t\t\t\t\t<\/div>\n\t\t\t\t<\/div>\n\t\t\t\t<\/div>\n\t\t\t\t<\/div>\n\t\t\t\t<\/div>\n\t\t","protected":false},"excerpt":{"rendered":"<p>FAQ Questions \/ R\u00e9ponses Qu\u2019est-ce que le Radon ? Le radon est un gaz radioactif invisible et inodore. Il est pr\u00e9sent partout dans l\u2019air que l\u2019on respire en concentration vari\u00e9e. Il provient des sols. Les concentrations varient en fonction des secteurs et des caract\u00e9ristiques du sol. Y a-t-il une p\u00e9riode de l\u2019ann\u00e9e o\u00f9 il est [&hellip;]<\/p>\n","protected":false},"author":2,"featured_media":0,"parent":0,"menu_order":0,"comment_status":"closed","ping_status":"closed","template":"elementor_header_footer","meta":{"footnotes":""},"class_list":["post-711","page","type-page","status-publish","hentry"],"yoast_head":"<!-- This site is optimized with the Yoast SEO plugin v28.3 - https:\/\/yoast.com\/product\/yoast-seo-wordpress\/ -->\n<title>FAQ - Le Radon<\/title>\n<meta name=\"robots\" content=\"index, follow, max-snippet:-1, max-image-preview:large, max-video-preview:-1\" \/>\n<link rel=\"canonical\" href=\"https:\/\/leradon.com\/?page_id=711\" \/>\n<meta property=\"og:locale\" content=\"fr_FR\" \/>\n<meta property=\"og:type\" content=\"article\" \/>\n<meta property=\"og:title\" content=\"FAQ - Le Radon\" \/>\n<meta property=\"og:description\" content=\"FAQ Questions \/ R\u00e9ponses Qu\u2019est-ce que le Radon ? Le radon est un gaz radioactif invisible et inodore. Il est pr\u00e9sent partout dans l\u2019air que l\u2019on respire en concentration vari\u00e9e. Il provient des sols. Les concentrations varient en fonction des secteurs et des caract\u00e9ristiques du sol. Y a-t-il une p\u00e9riode de l\u2019ann\u00e9e o\u00f9 il est [&hellip;]\" \/>\n<meta property=\"og:url\" content=\"https:\/\/leradon.com\/?page_id=711\" \/>\n<meta property=\"og:site_name\" content=\"Le Radon\" \/>\n<meta property=\"article:modified_time\" content=\"2025-08-15T09:15:01+00:00\" \/>\n<meta name=\"twitter:card\" content=\"summary_large_image\" \/>\n<meta name=\"twitter:label1\" content=\"Dur\u00e9e de lecture estim\u00e9e\" \/>\n\t<meta name=\"twitter:data1\" content=\"4 minutes\" \/>\n<script type=\"application\/ld+json\" class=\"yoast-schema-graph\">{\"@context\":\"https:\\\/\\\/schema.org\",\"@graph\":[{\"@type\":\"WebPage\",\"@id\":\"https:\\\/\\\/leradon.com\\\/?page_id=711\",\"url\":\"https:\\\/\\\/leradon.com\\\/?page_id=711\",\"name\":\"FAQ - Le Radon\",\"isPartOf\":{\"@id\":\"https:\\\/\\\/leradon.com\\\/#website\"},\"datePublished\":\"2024-06-08T17:58:04+00:00\",\"dateModified\":\"2025-08-15T09:15:01+00:00\",\"breadcrumb\":{\"@id\":\"https:\\\/\\\/leradon.com\\\/?page_id=711#breadcrumb\"},\"inLanguage\":\"fr-FR\",\"potentialAction\":[{\"@type\":\"ReadAction\",\"target\":[\"https:\\\/\\\/leradon.com\\\/?page_id=711\"]}]},{\"@type\":\"BreadcrumbList\",\"@id\":\"https:\\\/\\\/leradon.com\\\/?page_id=711#breadcrumb\",\"itemListElement\":[{\"@type\":\"ListItem\",\"position\":1,\"name\":\"Home\",\"item\":\"https:\\\/\\\/leradon.com\\\/\"},{\"@type\":\"ListItem\",\"position\":2,\"name\":\"FAQ\"}]},{\"@type\":\"WebSite\",\"@id\":\"https:\\\/\\\/leradon.com\\\/#website\",\"url\":\"https:\\\/\\\/leradon.com\\\/\",\"name\":\"Le Radon\",\"description\":\"\",\"potentialAction\":[{\"@type\":\"SearchAction\",\"target\":{\"@type\":\"EntryPoint\",\"urlTemplate\":\"https:\\\/\\\/leradon.com\\\/?s={search_term_string}\"},\"query-input\":{\"@type\":\"PropertyValueSpecification\",\"valueRequired\":true,\"valueName\":\"search_term_string\"}}],\"inLanguage\":\"fr-FR\"}]}<\/script>\n<!-- \/ Yoast SEO plugin. -->","yoast_head_json":{"title":"FAQ - Le Radon","robots":{"index":"index","follow":"follow","max-snippet":"max-snippet:-1","max-image-preview":"max-image-preview:large","max-video-preview":"max-video-preview:-1"},"canonical":"https:\/\/leradon.com\/?page_id=711","og_locale":"fr_FR","og_type":"article","og_title":"FAQ - Le Radon","og_description":"FAQ Questions \/ R\u00e9ponses Qu\u2019est-ce que le Radon ? Le radon est un gaz radioactif invisible et inodore. Il est pr\u00e9sent partout dans l\u2019air que l\u2019on respire en concentration vari\u00e9e. Il provient des sols. Les concentrations varient en fonction des secteurs et des caract\u00e9ristiques du sol. Y a-t-il une p\u00e9riode de l\u2019ann\u00e9e o\u00f9 il est [&hellip;]","og_url":"https:\/\/leradon.com\/?page_id=711","og_site_name":"Le Radon","article_modified_time":"2025-08-15T09:15:01+00:00","twitter_card":"summary_large_image","twitter_misc":{"Dur\u00e9e de lecture estim\u00e9e":"4 minutes"},"schema":{"@context":"https:\/\/schema.org","@graph":[{"@type":"WebPage","@id":"https:\/\/leradon.com\/?page_id=711","url":"https:\/\/leradon.com\/?page_id=711","name":"FAQ - Le Radon","isPartOf":{"@id":"https:\/\/leradon.com\/#website"},"datePublished":"2024-06-08T17:58:04+00:00","dateModified":"2025-08-15T09:15:01+00:00","breadcrumb":{"@id":"https:\/\/leradon.com\/?page_id=711#breadcrumb"},"inLanguage":"fr-FR","potentialAction":[{"@type":"ReadAction","target":["https:\/\/leradon.com\/?page_id=711"]}]},{"@type":"BreadcrumbList","@id":"https:\/\/leradon.com\/?page_id=711#breadcrumb","itemListElement":[{"@type":"ListItem","position":1,"name":"Home","item":"https:\/\/leradon.com\/"},{"@type":"ListItem","position":2,"name":"FAQ"}]},{"@type":"WebSite","@id":"https:\/\/leradon.com\/#website","url":"https:\/\/leradon.com\/","name":"Le Radon","description":"","potentialAction":[{"@type":"SearchAction","target":{"@type":"EntryPoint","urlTemplate":"https:\/\/leradon.com\/?s={search_term_string}"},"query-input":{"@type":"PropertyValueSpecification","valueRequired":true,"valueName":"search_term_string"}}],"inLanguage":"fr-FR"}]}},"_links":{"self":[{"href":"https:\/\/leradon.com\/index.php?rest_route=\/wp\/v2\/pages\/711","targetHints":{"allow":["GET"]}}],"collection":[{"href":"https:\/\/leradon.com\/index.php?rest_route=\/wp\/v2\/pages"}],"about":[{"href":"https:\/\/leradon.com\/index.php?rest_route=\/wp\/v2\/types\/page"}],"author":[{"embeddable":true,"href":"https:\/\/leradon.com\/index.php?rest_route=\/wp\/v2\/users\/2"}],"replies":[{"embeddable":true,"href":"https:\/\/leradon.com\/index.php?rest_route=%2Fwp%2Fv2%2Fcomments&post=711"}],"version-history":[{"count":142,"href":"https:\/\/leradon.com\/index.php?rest_route=\/wp\/v2\/pages\/711\/revisions"}],"predecessor-version":[{"id":4591,"href":"https:\/\/leradon.com\/index.php?rest_route=\/wp\/v2\/pages\/711\/revisions\/4591"}],"wp:attachment":[{"href":"https:\/\/leradon.com\/index.php?rest_route=%2Fwp%2Fv2%2Fmedia&parent=711"}],"curies":[{"name":"wp","href":"https:\/\/api.w.org\/{rel}","templated":true}]}}